{"id":11,"date":"2015-02-04T22:09:40","date_gmt":"2015-02-04T22:09:40","guid":{"rendered":"http:\/\/goulart.adv.br\/site\/?page_id=11"},"modified":"2018-05-25T14:14:27","modified_gmt":"2018-05-25T14:14:27","slug":"estrutura","status":"publish","type":"page","link":"https:\/\/goulart.adv.br\/site\/o-escritorio\/estrutura\/","title":{"rendered":"Estrutura"},"content":{"rendered":"<p><a href=\"https:\/\/goulart.adv.br\/site\/wp-content\/uploads\/2017\/03\/1.png\"><img loading=\"lazy\" decoding=\"async\" class=\"aligncenter size-full wp-image-313\" src=\"https:\/\/goulart.adv.br\/site\/wp-content\/uploads\/2017\/03\/1.png\" alt=\"1\" width=\"849\" height=\"489\" data-id=\"313\" srcset=\"https:\/\/goulart.adv.br\/site\/wp-content\/uploads\/2017\/03\/1.png 849w, https:\/\/goulart.adv.br\/site\/wp-content\/uploads\/2017\/03\/1-300x173.png 300w\" sizes=\"auto, (max-width: 849px) 100vw, 849px\" \/><\/a><\/p>\n<p style=\"text-align: justify;\">Em sua sede pr\u00f3pria, um edif\u00edcio datado dos anos de 1950, conservando a arquitetura hist\u00f3rica totalmente reformado internamente e externamente, para o conforto tanto dos nossos clientes como de toda a nossa equipe, tamb\u00e9m com constantes investimentos em tecnologia de softwares jur\u00eddicos, buscando sempre aliar a tecnologia com a advocacia. Possu\u00edmos um qualificado elenco profissional, voltado para a pr\u00e1tica da advocacia, com o objetivo de toda a equipe sempre trazer os melhores benef\u00edcios jur\u00eddicos aos nossos clientes, levando sempre em conta a seguran\u00e7a jur\u00eddica como um objetivo final. Temos uma excelente localiza\u00e7\u00e3o, pr\u00f3ximo ao Terminal do Port\u00e3o, e estamos enraizados na mesma sede desde o in\u00edcio do escrit\u00f3rio, sendo hoje refer\u00eancia na Advocacia Trabalhista, C\u00edvel, Familiar e Previdenci\u00e1ria, para todos os que transitam pela regi\u00e3o Metropolitana de Curitiba.<\/p>\n<p style=\"text-align: center;\">\n<p style=\"text-align: center;\">\n","protected":false},"excerpt":{"rendered":"<p>Em sua sede pr\u00f3pria, um edif\u00edcio datado dos anos de 1950, conservando a arquitetura hist\u00f3rica totalmente reformado internamente e externamente, para o conforto tanto dos nossos clientes como de toda a nossa equipe, tamb\u00e9m com constantes investimentos em tecnologia de softwares jur\u00eddicos, buscando sempre aliar a tecnologia com a advocacia. Possu\u00edmos um qualificado elenco profissional, voltado para a pr\u00e1tica da [&#8230;]<\/p>\n","protected":false},"author":1,"featured_media":0,"parent":2,"menu_order":4,"comment_status":"closed","ping_status":"closed","template":"","meta":{"_acf_changed":false,"footnotes":""},"class_list":["post-11","page","type-page","status-publish","hentry"],"acf":[],"yoast_head":"<!-- This site is optimized with the Yoast SEO plugin v27.5 - https:\/\/yoast.com\/product\/yoast-seo-wordpress\/ -->\n<title>Estrutura - Goulart &amp; Goulart Advogados Trabalhistas e Associados<\/title>\n<meta name=\"description\" content=\"Estamos localizados em um edif\u00edcio de 1950, conservando a arquitetura hist\u00f3rica para o conforto tanto dos nossos clientes.\" \/>\n<meta name=\"robots\" content=\"index, follow, max-snippet:-1, max-image-preview:large, max-video-preview:-1\" \/>\n<link rel=\"canonical\" href=\"https:\/\/goulart.adv.br\/site\/o-escritorio\/estrutura\/\" \/>\n<meta property=\"og:locale\" content=\"pt_BR\" \/>\n<meta property=\"og:type\" content=\"article\" \/>\n<meta property=\"og:title\" content=\"Estrutura - Goulart &amp; Goulart Advogados Trabalhistas e Associados\" \/>\n<meta property=\"og:description\" content=\"Estamos localizados em um edif\u00edcio de 1950, conservando a arquitetura hist\u00f3rica para o conforto tanto dos nossos clientes.\" \/>\n<meta property=\"og:url\" content=\"https:\/\/goulart.adv.br\/site\/o-escritorio\/estrutura\/\" \/>\n<meta property=\"og:site_name\" content=\"Goulart &amp; Goulart Advogados Trabalhistas e Associados\" \/>\n<meta property=\"article:publisher\" content=\"https:\/\/www.facebook.com\/pages\/GoulartGoulart-Advogados-Associados\/1600523293534022\" \/>\n<meta property=\"article:modified_time\" content=\"2018-05-25T14:14:27+00:00\" \/>\n<meta property=\"og:image\" content=\"https:\/\/goulart.adv.br\/site\/wp-content\/uploads\/2017\/03\/1.png\" \/>\n<meta name=\"twitter:label1\" content=\"Est. tempo de leitura\" \/>\n\t<meta name=\"twitter:data1\" content=\"1 minuto\" \/>\n<script type=\"application\/ld+json\" class=\"yoast-schema-graph\">{\"@context\":\"https:\\\/\\\/schema.org\",\"@graph\":[{\"@type\":\"WebPage\",\"@id\":\"https:\\\/\\\/goulart.adv.br\\\/site\\\/o-escritorio\\\/estrutura\\\/\",\"url\":\"https:\\\/\\\/goulart.adv.br\\\/site\\\/o-escritorio\\\/estrutura\\\/\",\"name\":\"Estrutura - Goulart &amp; Goulart Advogados Trabalhistas e Associados\",\"isPartOf\":{\"@id\":\"https:\\\/\\\/goulart.adv.br\\\/site\\\/#website\"},\"primaryImageOfPage\":{\"@id\":\"https:\\\/\\\/goulart.adv.br\\\/site\\\/o-escritorio\\\/estrutura\\\/#primaryimage\"},\"image\":{\"@id\":\"https:\\\/\\\/goulart.adv.br\\\/site\\\/o-escritorio\\\/estrutura\\\/#primaryimage\"},\"thumbnailUrl\":\"https:\\\/\\\/goulart.adv.br\\\/site\\\/wp-content\\\/uploads\\\/2017\\\/03\\\/1.png\",\"datePublished\":\"2015-02-04T22:09:40+00:00\",\"dateModified\":\"2018-05-25T14:14:27+00:00\",\"description\":\"Estamos localizados em um edif\u00edcio de 1950, conservando a arquitetura hist\u00f3rica para o conforto tanto dos nossos clientes.\",\"breadcrumb\":{\"@id\":\"https:\\\/\\\/goulart.adv.br\\\/site\\\/o-escritorio\\\/estrutura\\\/#breadcrumb\"},\"inLanguage\":\"pt-BR\",\"potentialAction\":[{\"@type\":\"ReadAction\",\"target\":[\"https:\\\/\\\/goulart.adv.br\\\/site\\\/o-escritorio\\\/estrutura\\\/\"]}]},{\"@type\":\"ImageObject\",\"inLanguage\":\"pt-BR\",\"@id\":\"https:\\\/\\\/goulart.adv.br\\\/site\\\/o-escritorio\\\/estrutura\\\/#primaryimage\",\"url\":\"https:\\\/\\\/goulart.adv.br\\\/site\\\/wp-content\\\/uploads\\\/2017\\\/03\\\/1.png\",\"contentUrl\":\"https:\\\/\\\/goulart.adv.br\\\/site\\\/wp-content\\\/uploads\\\/2017\\\/03\\\/1.png\",\"width\":849,\"height\":489},{\"@type\":\"BreadcrumbList\",\"@id\":\"https:\\\/\\\/goulart.adv.br\\\/site\\\/o-escritorio\\\/estrutura\\\/#breadcrumb\",\"itemListElement\":[{\"@type\":\"ListItem\",\"position\":1,\"name\":\"In\u00edcio\",\"item\":\"https:\\\/\\\/goulart.adv.br\\\/site\\\/\"},{\"@type\":\"ListItem\",\"position\":2,\"name\":\"O Escrit\u00f3rio\",\"item\":\"https:\\\/\\\/goulart.adv.br\\\/site\\\/o-escritorio\\\/\"},{\"@type\":\"ListItem\",\"position\":3,\"name\":\"Estrutura\"}]},{\"@type\":\"WebSite\",\"@id\":\"https:\\\/\\\/goulart.adv.br\\\/site\\\/#website\",\"url\":\"https:\\\/\\\/goulart.adv.br\\\/site\\\/\",\"name\":\"Goulart &amp; Goulart Advogados Trabalhistas e Associados\",\"description\":\"Goulart &amp; Goulart Advogados Trabalhistas e Associados\",\"potentialAction\":[{\"@type\":\"SearchAction\",\"target\":{\"@type\":\"EntryPoint\",\"urlTemplate\":\"https:\\\/\\\/goulart.adv.br\\\/site\\\/?s={search_term_string}\"},\"query-input\":{\"@type\":\"PropertyValueSpecification\",\"valueRequired\":true,\"valueName\":\"search_term_string\"}}],\"inLanguage\":\"pt-BR\"}]}<\/script>\n<!-- \/ Yoast SEO plugin. -->","yoast_head_json":{"title":"Estrutura - Goulart &amp; Goulart Advogados Trabalhistas e Associados","description":"Estamos localizados em um edif\u00edcio de 1950, conservando a arquitetura hist\u00f3rica para o conforto tanto dos nossos clientes.","robots":{"index":"index","follow":"follow","max-snippet":"max-snippet:-1","max-image-preview":"max-image-preview:large","max-video-preview":"max-video-preview:-1"},"canonical":"https:\/\/goulart.adv.br\/site\/o-escritorio\/estrutura\/","og_locale":"pt_BR","og_type":"article","og_title":"Estrutura - Goulart &amp; Goulart Advogados Trabalhistas e Associados","og_description":"Estamos localizados em um edif\u00edcio de 1950, conservando a arquitetura hist\u00f3rica para o conforto tanto dos nossos clientes.","og_url":"https:\/\/goulart.adv.br\/site\/o-escritorio\/estrutura\/","og_site_name":"Goulart &amp; Goulart Advogados Trabalhistas e Associados","article_publisher":"https:\/\/www.facebook.com\/pages\/GoulartGoulart-Advogados-Associados\/1600523293534022","article_modified_time":"2018-05-25T14:14:27+00:00","og_image":[{"url":"https:\/\/goulart.adv.br\/site\/wp-content\/uploads\/2017\/03\/1.png","type":"","width":"","height":""}],"twitter_misc":{"Est. tempo de leitura":"1 minuto"},"schema":{"@context":"https:\/\/schema.org","@graph":[{"@type":"WebPage","@id":"https:\/\/goulart.adv.br\/site\/o-escritorio\/estrutura\/","url":"https:\/\/goulart.adv.br\/site\/o-escritorio\/estrutura\/","name":"Estrutura - Goulart &amp; Goulart Advogados Trabalhistas e Associados","isPartOf":{"@id":"https:\/\/goulart.adv.br\/site\/#website"},"primaryImageOfPage":{"@id":"https:\/\/goulart.adv.br\/site\/o-escritorio\/estrutura\/#primaryimage"},"image":{"@id":"https:\/\/goulart.adv.br\/site\/o-escritorio\/estrutura\/#primaryimage"},"thumbnailUrl":"https:\/\/goulart.adv.br\/site\/wp-content\/uploads\/2017\/03\/1.png","datePublished":"2015-02-04T22:09:40+00:00","dateModified":"2018-05-25T14:14:27+00:00","description":"Estamos localizados em um edif\u00edcio de 1950, conservando a arquitetura hist\u00f3rica para o conforto tanto dos nossos clientes.","breadcrumb":{"@id":"https:\/\/goulart.adv.br\/site\/o-escritorio\/estrutura\/#breadcrumb"},"inLanguage":"pt-BR","potentialAction":[{"@type":"ReadAction","target":["https:\/\/goulart.adv.br\/site\/o-escritorio\/estrutura\/"]}]},{"@type":"ImageObject","inLanguage":"pt-BR","@id":"https:\/\/goulart.adv.br\/site\/o-escritorio\/estrutura\/#primaryimage","url":"https:\/\/goulart.adv.br\/site\/wp-content\/uploads\/2017\/03\/1.png","contentUrl":"https:\/\/goulart.adv.br\/site\/wp-content\/uploads\/2017\/03\/1.png","width":849,"height":489},{"@type":"BreadcrumbList","@id":"https:\/\/goulart.adv.br\/site\/o-escritorio\/estrutura\/#breadcrumb","itemListElement":[{"@type":"ListItem","position":1,"name":"In\u00edcio","item":"https:\/\/goulart.adv.br\/site\/"},{"@type":"ListItem","position":2,"name":"O Escrit\u00f3rio","item":"https:\/\/goulart.adv.br\/site\/o-escritorio\/"},{"@type":"ListItem","position":3,"name":"Estrutura"}]},{"@type":"WebSite","@id":"https:\/\/goulart.adv.br\/site\/#website","url":"https:\/\/goulart.adv.br\/site\/","name":"Goulart &amp; Goulart Advogados Trabalhistas e Associados","description":"Goulart &amp; Goulart Advogados Trabalhistas e Associados","potentialAction":[{"@type":"SearchAction","target":{"@type":"EntryPoint","urlTemplate":"https:\/\/goulart.adv.br\/site\/?s={search_term_string}"},"query-input":{"@type":"PropertyValueSpecification","valueRequired":true,"valueName":"search_term_string"}}],"inLanguage":"pt-BR"}]}},"_links":{"self":[{"href":"https:\/\/goulart.adv.br\/site\/wp-json\/wp\/v2\/pages\/11","targetHints":{"allow":["GET"]}}],"collection":[{"href":"https:\/\/goulart.adv.br\/site\/wp-json\/wp\/v2\/pages"}],"about":[{"href":"https:\/\/goulart.adv.br\/site\/wp-json\/wp\/v2\/types\/page"}],"author":[{"embeddable":true,"href":"https:\/\/goulart.adv.br\/site\/wp-json\/wp\/v2\/users\/1"}],"replies":[{"embeddable":true,"href":"https:\/\/goulart.adv.br\/site\/wp-json\/wp\/v2\/comments?post=11"}],"version-history":[{"count":9,"href":"https:\/\/goulart.adv.br\/site\/wp-json\/wp\/v2\/pages\/11\/revisions"}],"predecessor-version":[{"id":368,"href":"https:\/\/goulart.adv.br\/site\/wp-json\/wp\/v2\/pages\/11\/revisions\/368"}],"up":[{"embeddable":true,"href":"https:\/\/goulart.adv.br\/site\/wp-json\/wp\/v2\/pages\/2"}],"wp:attachment":[{"href":"https:\/\/goulart.adv.br\/site\/wp-json\/wp\/v2\/media?parent=11"}],"curies":[{"name":"wp","href":"https:\/\/api.w.org\/{rel}","templated":true}]}}